{"id":82,"date":"2012-09-20T14:27:33","date_gmt":"2012-09-20T13:27:33","guid":{"rendered":"http:\/\/cluster015.ovh.net\/~avocatbo\/lesite\/?page_id=82"},"modified":"2018-06-28T17:08:43","modified_gmt":"2018-06-28T15:08:43","slug":"avocat-divorce-famille-villeurbanne-lyon","status":"publish","type":"page","link":"https:\/\/www.avocat-bonnet.fr\/lyon-villeurbanne\/avocat-divorce-famille-villeurbanne-lyon\/","title":{"rendered":"Un cabinet d&rsquo;avocat d\u00e9di\u00e9 aux droits des particuliers (Lyon et Villeurbanne)"},"content":{"rendered":"<h1><strong>Affaires familiales (divorce, s\u00e9paration, tutelle, filiation, adoption, successions&#8230;)<br \/>\n<\/strong><\/h1>\n<h3>\u2022 <a title=\"le divorce par consentement mutuel\" href=\"http:\/\/www.avocat-bonnet.fr\/lesite\/avocat-divorce-amiable-consentement-mutuel\/\">Divorce par consentement mutuel<\/a><\/h3>\n<h3><a href=\"http:\/\/www.avocat-bonnet.fr\/lesite\/avocat-cas-divorces-lyon-villeurbanne\">\u2022 Autres proc\u00e9dures de divorce :<\/a><\/h3>\n<p>\u2013 divorce par acceptation du principe de la rupture,<br \/>\n\u2013 divorce pour alt\u00e9ration du lien conjugal,<br \/>\n\u2013 divorce pour faute ;<\/p>\n<h3>\u2022 S\u00e9parations de concubins :<\/h3>\n<p>\u2013 effets patrimoniaux,<br \/>\n\u2013 droits \u00e0 l&rsquo;\u00e9gard des enfants ;<\/p>\n<h3>\u2022 Proc\u00e9dures apr\u00e8s divorce \/ proc\u00e9dures pour enfants naturels :<\/h3>\n<p>\u2013 r\u00e9visions de pension alimentaire pour enfants,<br \/>\n\u2013 modifications des modalit\u00e9s de la garde des enfants ;<\/p>\n<h3>\u2022 Successions :<\/h3>\n<p>\u2013 succession ab intestat,<br \/>\n\u2013 succession testamentaire,<br \/>\n\u2013 succession anomale ;<\/p>\n<h3>\u2022 tutelle, curatelle, sauvegarde de la justice<\/h3>\n<p>\u2013 mesures judiciaires de protection des majeurs vuln\u00e9rables ;<\/p>\n<h3>\u2022 Proc\u00e9dures relatives \u00e0 la filiation :<\/h3>\n<p>\u2013 recherche de paternit\u00e9,<br \/>\n\u2013 contestation de paternit\u00e9 ;<\/p>\n<h3>\u2022 Adoption :<\/h3>\n<p>\u2013 adoption simple,<br \/>\n\u2013 adoption pl\u00e9ni\u00e8re.<\/p>\n<h3>\u2022 R\u00e9daction de PACS<\/h3>\n","protected":false},"excerpt":{"rendered":"<p>Affaires familiales (divorce, s\u00e9paration, tutelle, filiation, adoption, successions&#8230;) \u2022 Divorce par consentement mutuel \u2022 Autres proc\u00e9dures de divorce : \u2013 divorce par acceptation du principe de la rupture, \u2013 divorce pour alt\u00e9ration du lien conjugal, \u2013 divorce pour faute ; \u2022 S\u00e9parations de concubins : \u2013 effets patrimoniaux, \u2013 droits \u00e0 l&rsquo;\u00e9gard des enfants ; [&hellip;]<\/p>\n","protected":false},"author":4,"featured_media":227,"parent":0,"menu_order":1,"comment_status":"closed","ping_status":"closed","template":"","meta":{"_et_pb_use_builder":"","_et_pb_old_content":"","_et_gb_content_width":"","footnotes":""},"yoast_head":"<!-- This site is optimized with the Yoast SEO plugin v22.3 - https:\/\/yoast.com\/wordpress\/plugins\/seo\/ -->\n<title>Un cabinet d&#039;avocat d\u00e9di\u00e9 aux droits des particuliers (Lyon et Villeurbanne). Divorce, s\u00e9paration, filiation, licenciement, immobilier...<\/title>\n<meta name=\"robots\" content=\"index, follow, max-snippet:-1, max-image-preview:large, max-video-preview:-1\" \/>\n<link rel=\"canonical\" href=\"https:\/\/www.avocat-bonnet.fr\/lyon-villeurbanne\/avocat-divorce-famille-villeurbanne-lyon\/\" \/>\n<meta property=\"og:locale\" content=\"fr_FR\" \/>\n<meta property=\"og:type\" content=\"article\" \/>\n<meta property=\"og:title\" content=\"Un cabinet d&#039;avocat d\u00e9di\u00e9 aux droits des particuliers (Lyon et Villeurbanne). Divorce, s\u00e9paration, filiation, licenciement, immobilier...\" \/>\n<meta property=\"og:description\" content=\"Affaires familiales (divorce, s\u00e9paration, tutelle, filiation, adoption, successions&#8230;) \u2022 Divorce par consentement mutuel \u2022 Autres proc\u00e9dures de divorce : \u2013 divorce par acceptation du principe de la rupture, \u2013 divorce pour alt\u00e9ration du lien conjugal, \u2013 divorce pour faute ; \u2022 S\u00e9parations de concubins : \u2013 effets patrimoniaux, \u2013 droits \u00e0 l&rsquo;\u00e9gard des enfants ; [&hellip;]\" \/>\n<meta property=\"og:url\" content=\"https:\/\/www.avocat-bonnet.fr\/lyon-villeurbanne\/avocat-divorce-famille-villeurbanne-lyon\/\" \/>\n<meta property=\"og:site_name\" content=\"Nicolas Bonnet - Avocat Lyon et Villeurbanne, divorce, droit m\u00e9dical, travail, litiges de la consommation...\" \/>\n<meta property=\"article:modified_time\" content=\"2018-06-28T15:08:43+00:00\" \/>\n<meta property=\"og:image\" content=\"https:\/\/www.avocat-bonnet.fr\/lyon-villeurbanne\/wp-content\/uploads\/2012\/10\/codes-IMGP7646.jpg\" \/>\n\t<meta property=\"og:image:width\" content=\"1200\" \/>\n\t<meta property=\"og:image:height\" content=\"797\" \/>\n\t<meta property=\"og:image:type\" content=\"image\/jpeg\" \/>\n<meta name=\"twitter:card\" content=\"summary_large_image\" \/>\n<meta name=\"twitter:label1\" content=\"Dur\u00e9e de lecture estim\u00e9e\" \/>\n\t<meta name=\"twitter:data1\" content=\"1 minute\" \/>\n<script type=\"application\/ld+json\" class=\"yoast-schema-graph\">{\"@context\":\"https:\/\/schema.org\",\"@graph\":[{\"@type\":\"WebPage\",\"@id\":\"https:\/\/www.avocat-bonnet.fr\/lyon-villeurbanne\/avocat-divorce-famille-villeurbanne-lyon\/\",\"url\":\"https:\/\/www.avocat-bonnet.fr\/lyon-villeurbanne\/avocat-divorce-famille-villeurbanne-lyon\/\",\"name\":\"Un cabinet d'avocat d\u00e9di\u00e9 aux droits des particuliers (Lyon et Villeurbanne). Divorce, s\u00e9paration, filiation, licenciement, immobilier...\",\"isPartOf\":{\"@id\":\"https:\/\/www.avocat-bonnet.fr\/lyon-villeurbanne\/#website\"},\"primaryImageOfPage\":{\"@id\":\"https:\/\/www.avocat-bonnet.fr\/lyon-villeurbanne\/avocat-divorce-famille-villeurbanne-lyon\/#primaryimage\"},\"image\":{\"@id\":\"https:\/\/www.avocat-bonnet.fr\/lyon-villeurbanne\/avocat-divorce-famille-villeurbanne-lyon\/#primaryimage\"},\"thumbnailUrl\":\"https:\/\/www.avocat-bonnet.fr\/lyon-villeurbanne\/wp-content\/uploads\/2012\/10\/codes-IMGP7646.jpg\",\"datePublished\":\"2012-09-20T13:27:33+00:00\",\"dateModified\":\"2018-06-28T15:08:43+00:00\",\"breadcrumb\":{\"@id\":\"https:\/\/www.avocat-bonnet.fr\/lyon-villeurbanne\/avocat-divorce-famille-villeurbanne-lyon\/#breadcrumb\"},\"inLanguage\":\"fr-FR\",\"potentialAction\":[{\"@type\":\"ReadAction\",\"target\":[\"https:\/\/www.avocat-bonnet.fr\/lyon-villeurbanne\/avocat-divorce-famille-villeurbanne-lyon\/\"]}]},{\"@type\":\"ImageObject\",\"inLanguage\":\"fr-FR\",\"@id\":\"https:\/\/www.avocat-bonnet.fr\/lyon-villeurbanne\/avocat-divorce-famille-villeurbanne-lyon\/#primaryimage\",\"url\":\"https:\/\/www.avocat-bonnet.fr\/lyon-villeurbanne\/wp-content\/uploads\/2012\/10\/codes-IMGP7646.jpg\",\"contentUrl\":\"https:\/\/www.avocat-bonnet.fr\/lyon-villeurbanne\/wp-content\/uploads\/2012\/10\/codes-IMGP7646.jpg\",\"width\":1200,\"height\":797,\"caption\":\"code civil, code p\u00e9nal\"},{\"@type\":\"BreadcrumbList\",\"@id\":\"https:\/\/www.avocat-bonnet.fr\/lyon-villeurbanne\/avocat-divorce-famille-villeurbanne-lyon\/#breadcrumb\",\"itemListElement\":[{\"@type\":\"ListItem\",\"position\":1,\"name\":\"Accueil\",\"item\":\"https:\/\/www.avocat-bonnet.fr\/lyon-villeurbanne\/\"},{\"@type\":\"ListItem\",\"position\":2,\"name\":\"Un cabinet d&rsquo;avocat d\u00e9di\u00e9 aux droits des particuliers (Lyon et Villeurbanne)\"}]},{\"@type\":\"WebSite\",\"@id\":\"https:\/\/www.avocat-bonnet.fr\/lyon-villeurbanne\/#website\",\"url\":\"https:\/\/www.avocat-bonnet.fr\/lyon-villeurbanne\/\",\"name\":\"Nicolas Bonnet - Avocat Lyon et Villeurbanne, divorce, droit m\u00e9dical, travail, litiges de la consommation...\",\"description\":\"Un cabinet d&#039;avocat d\u00e9di\u00e9 au droit des particuliers, commer\u00e7ants et petites entreprises...\",\"publisher\":{\"@id\":\"https:\/\/www.avocat-bonnet.fr\/lyon-villeurbanne\/#\/schema\/person\/53ccc962871a33e31889adc918b8794d\"},\"potentialAction\":[{\"@type\":\"SearchAction\",\"target\":{\"@type\":\"EntryPoint\",\"urlTemplate\":\"https:\/\/www.avocat-bonnet.fr\/lyon-villeurbanne\/?s={search_term_string}\"},\"query-input\":\"required name=search_term_string\"}],\"inLanguage\":\"fr-FR\"},{\"@type\":[\"Person\",\"Organization\"],\"@id\":\"https:\/\/www.avocat-bonnet.fr\/lyon-villeurbanne\/#\/schema\/person\/53ccc962871a33e31889adc918b8794d\",\"name\":\"Nicolas Bonnet\",\"logo\":{\"@id\":\"https:\/\/www.avocat-bonnet.fr\/lyon-villeurbanne\/#\/schema\/person\/image\/\"}}]}<\/script>\n<!-- \/ Yoast SEO plugin. -->","yoast_head_json":{"title":"Un cabinet d'avocat d\u00e9di\u00e9 aux droits des particuliers (Lyon et Villeurbanne). Divorce, s\u00e9paration, filiation, licenciement, immobilier...","robots":{"index":"index","follow":"follow","max-snippet":"max-snippet:-1","max-image-preview":"max-image-preview:large","max-video-preview":"max-video-preview:-1"},"canonical":"https:\/\/www.avocat-bonnet.fr\/lyon-villeurbanne\/avocat-divorce-famille-villeurbanne-lyon\/","og_locale":"fr_FR","og_type":"article","og_title":"Un cabinet d'avocat d\u00e9di\u00e9 aux droits des particuliers (Lyon et Villeurbanne). Divorce, s\u00e9paration, filiation, licenciement, immobilier...","og_description":"Affaires familiales (divorce, s\u00e9paration, tutelle, filiation, adoption, successions&#8230;) \u2022 Divorce par consentement mutuel \u2022 Autres proc\u00e9dures de divorce : \u2013 divorce par acceptation du principe de la rupture, \u2013 divorce pour alt\u00e9ration du lien conjugal, \u2013 divorce pour faute ; \u2022 S\u00e9parations de concubins : \u2013 effets patrimoniaux, \u2013 droits \u00e0 l&rsquo;\u00e9gard des enfants ; [&hellip;]","og_url":"https:\/\/www.avocat-bonnet.fr\/lyon-villeurbanne\/avocat-divorce-famille-villeurbanne-lyon\/","og_site_name":"Nicolas Bonnet - Avocat Lyon et Villeurbanne, divorce, droit m\u00e9dical, travail, litiges de la consommation...","article_modified_time":"2018-06-28T15:08:43+00:00","og_image":[{"width":1200,"height":797,"url":"https:\/\/www.avocat-bonnet.fr\/lyon-villeurbanne\/wp-content\/uploads\/2012\/10\/codes-IMGP7646.jpg","type":"image\/jpeg"}],"twitter_card":"summary_large_image","twitter_misc":{"Dur\u00e9e de lecture estim\u00e9e":"1 minute"},"schema":{"@context":"https:\/\/schema.org","@graph":[{"@type":"WebPage","@id":"https:\/\/www.avocat-bonnet.fr\/lyon-villeurbanne\/avocat-divorce-famille-villeurbanne-lyon\/","url":"https:\/\/www.avocat-bonnet.fr\/lyon-villeurbanne\/avocat-divorce-famille-villeurbanne-lyon\/","name":"Un cabinet d'avocat d\u00e9di\u00e9 aux droits des particuliers (Lyon et Villeurbanne). Divorce, s\u00e9paration, filiation, licenciement, immobilier...","isPartOf":{"@id":"https:\/\/www.avocat-bonnet.fr\/lyon-villeurbanne\/#website"},"primaryImageOfPage":{"@id":"https:\/\/www.avocat-bonnet.fr\/lyon-villeurbanne\/avocat-divorce-famille-villeurbanne-lyon\/#primaryimage"},"image":{"@id":"https:\/\/www.avocat-bonnet.fr\/lyon-villeurbanne\/avocat-divorce-famille-villeurbanne-lyon\/#primaryimage"},"thumbnailUrl":"https:\/\/www.avocat-bonnet.fr\/lyon-villeurbanne\/wp-content\/uploads\/2012\/10\/codes-IMGP7646.jpg","datePublished":"2012-09-20T13:27:33+00:00","dateModified":"2018-06-28T15:08:43+00:00","breadcrumb":{"@id":"https:\/\/www.avocat-bonnet.fr\/lyon-villeurbanne\/avocat-divorce-famille-villeurbanne-lyon\/#breadcrumb"},"inLanguage":"fr-FR","potentialAction":[{"@type":"ReadAction","target":["https:\/\/www.avocat-bonnet.fr\/lyon-villeurbanne\/avocat-divorce-famille-villeurbanne-lyon\/"]}]},{"@type":"ImageObject","inLanguage":"fr-FR","@id":"https:\/\/www.avocat-bonnet.fr\/lyon-villeurbanne\/avocat-divorce-famille-villeurbanne-lyon\/#primaryimage","url":"https:\/\/www.avocat-bonnet.fr\/lyon-villeurbanne\/wp-content\/uploads\/2012\/10\/codes-IMGP7646.jpg","contentUrl":"https:\/\/www.avocat-bonnet.fr\/lyon-villeurbanne\/wp-content\/uploads\/2012\/10\/codes-IMGP7646.jpg","width":1200,"height":797,"caption":"code civil, code p\u00e9nal"},{"@type":"BreadcrumbList","@id":"https:\/\/www.avocat-bonnet.fr\/lyon-villeurbanne\/avocat-divorce-famille-villeurbanne-lyon\/#breadcrumb","itemListElement":[{"@type":"ListItem","position":1,"name":"Accueil","item":"https:\/\/www.avocat-bonnet.fr\/lyon-villeurbanne\/"},{"@type":"ListItem","position":2,"name":"Un cabinet d&rsquo;avocat d\u00e9di\u00e9 aux droits des particuliers (Lyon et Villeurbanne)"}]},{"@type":"WebSite","@id":"https:\/\/www.avocat-bonnet.fr\/lyon-villeurbanne\/#website","url":"https:\/\/www.avocat-bonnet.fr\/lyon-villeurbanne\/","name":"Nicolas Bonnet - Avocat Lyon et Villeurbanne, divorce, droit m\u00e9dical, travail, litiges de la consommation...","description":"Un cabinet d&#039;avocat d\u00e9di\u00e9 au droit des particuliers, commer\u00e7ants et petites entreprises...","publisher":{"@id":"https:\/\/www.avocat-bonnet.fr\/lyon-villeurbanne\/#\/schema\/person\/53ccc962871a33e31889adc918b8794d"},"potentialAction":[{"@type":"SearchAction","target":{"@type":"EntryPoint","urlTemplate":"https:\/\/www.avocat-bonnet.fr\/lyon-villeurbanne\/?s={search_term_string}"},"query-input":"required name=search_term_string"}],"inLanguage":"fr-FR"},{"@type":["Person","Organization"],"@id":"https:\/\/www.avocat-bonnet.fr\/lyon-villeurbanne\/#\/schema\/person\/53ccc962871a33e31889adc918b8794d","name":"Nicolas Bonnet","logo":{"@id":"https:\/\/www.avocat-bonnet.fr\/lyon-villeurbanne\/#\/schema\/person\/image\/"}}]}},"_links":{"self":[{"href":"https:\/\/www.avocat-bonnet.fr\/lyon-villeurbanne\/wp-json\/wp\/v2\/pages\/82"}],"collection":[{"href":"https:\/\/www.avocat-bonnet.fr\/lyon-villeurbanne\/wp-json\/wp\/v2\/pages"}],"about":[{"href":"https:\/\/www.avocat-bonnet.fr\/lyon-villeurbanne\/wp-json\/wp\/v2\/types\/page"}],"author":[{"embeddable":true,"href":"https:\/\/www.avocat-bonnet.fr\/lyon-villeurbanne\/wp-json\/wp\/v2\/users\/4"}],"replies":[{"embeddable":true,"href":"https:\/\/www.avocat-bonnet.fr\/lyon-villeurbanne\/wp-json\/wp\/v2\/comments?post=82"}],"version-history":[{"count":0,"href":"https:\/\/www.avocat-bonnet.fr\/lyon-villeurbanne\/wp-json\/wp\/v2\/pages\/82\/revisions"}],"wp:featuredmedia":[{"embeddable":true,"href":"https:\/\/www.avocat-bonnet.fr\/lyon-villeurbanne\/wp-json\/wp\/v2\/media\/227"}],"wp:attachment":[{"href":"https:\/\/www.avocat-bonnet.fr\/lyon-villeurbanne\/wp-json\/wp\/v2\/media?parent=82"}],"curies":[{"name":"wp","href":"https:\/\/api.w.org\/{rel}","templated":true}]}}