{"id":3135,"date":"2020-01-31T19:23:42","date_gmt":"2020-01-31T18:23:42","guid":{"rendered":"https:\/\/www.avocat-bonnet.fr\/lyon-villeurbanne\/?page_id=3135"},"modified":"2020-02-06T11:12:32","modified_gmt":"2020-02-06T10:12:32","slug":"pourquoi-les-avocats-font-ils-greve","status":"publish","type":"page","link":"https:\/\/www.avocat-bonnet.fr\/lyon-villeurbanne\/pourquoi-les-avocats-font-ils-greve\/","title":{"rendered":"Pourquoi les avocats font ils gr\u00e8ve ?"},"content":{"rendered":"<p><img decoding=\"async\" class=\"size-medium wp-image-3137 alignleft\" src=\"https:\/\/www.avocat-bonnet.fr\/lyon-villeurbanne\/wp-content\/uploads\/2020\/01\/lady-justice-2388500_1280-300x225.jpg\" alt=\"\" width=\"300\" height=\"225\" \/>\u00c0\u00a0la Lib\u00e9ration, lorsque le syst\u00e8me de retraite g\u00e9n\u00e9ralis\u00e9 pour les salari\u00e9s a \u00e9t\u00e9 institu\u00e9, il a \u00e9t\u00e9 demand\u00e9 aux professionnels lib\u00e9raux des professions juridiques et m\u00e9dicales d&rsquo;organiser leurs propres syst\u00e8mes de retraite ; il s&rsquo;agit donc non pas des fameux \u00ab\u00a0r\u00e9gimes sp\u00e9ciaux\u00a0\u00bb tant d\u00e9cri\u00e9s &#8211; qui sont des sp\u00e9cificit\u00e9s au sein du r\u00e9gime salari\u00e9 g\u00e9n\u00e9ral -, mais de r\u00e9gimes \u00ab\u00a0particuliers\u00a0\u00bb, propres \u00e0 une profession d&rsquo;ind\u00e9pendants.<\/p>\n<p>Le r\u00e9gime des retraites des avocats est parfaitement autonome et, non seulement il ne co\u00fbte rien \u00e0 la collectivit\u00e9, mais encore verse-t-il chaque ann\u00e9e au r\u00e9gime g\u00e9n\u00e9ral environ 90 millions d&rsquo;euros &#8211; soit tout de m\u00eame environ 1.300 \u20ac par avocat\u00a0!<\/p>\n<p>Le projet de r\u00e9forme des retraites actuellement discut\u00e9 a pour objectifs affich\u00e9s de loger tout le monde \u00e0 la m\u00eame enseigne, au sein d&rsquo;un r\u00e9gime unique (sauf pour les forces de l&rsquo;ordre, les pilotes d&rsquo;avions, les danseurs d&rsquo;op\u00e9ra, peut-\u00eatre d&rsquo;autres \u00e0 venir ?), quelque soit le mode de r\u00e9mun\u00e9ration, et qu&rsquo;un euro cotis\u00e9 ouvre les m\u00eames droits \u00e0 tout le monde.<\/p>\n<p>Le probl\u00e8me pour les avocats, c&rsquo;est qu&rsquo;alors que les cotisations des salari\u00e9s sont constitu\u00e9es de la part salariale et de la part employeur &#8211; pour un total de l&rsquo;ordre de 28% du salaire -, pour acqu\u00e9rir le m\u00eame nombre de points, les avocats lib\u00e9raux (une tr\u00e8s petite partie de la profession est salari\u00e9e d&rsquo;autres avocats) devraient cotiser \u00e0 28% de leurs recettes, <strong>soit le double de ce qu&rsquo;ils cotisent actuellement<\/strong>, pour en plus percevoir <strong>une retraite significativement plus faible que leurs droits actuels.<\/strong><\/p>\n<p>Compte-tenu des autres charges sociales et des frais g\u00e9n\u00e9raux auxquels ils doivent faire face, une telle augmentation ne pouvant \u00e9conomiquement \u00eatre r\u00e9percut\u00e9e sur les honoraires, les cabinets les moins importants seraient condamn\u00e9s \u00e0 une mort certaine, seuls les gros cabinets d&rsquo;affaires, aux marges beaucoup plus importantes, pouvant esp\u00e9rer survivre.<\/p>\n<p>C&rsquo;est un probl\u00e8me grave pour les avocats, mais <strong>c&rsquo;est aussi un probl\u00e8me pour les justiciables et la d\u00e9mocratie :<\/strong> ce sont les avocats individuels ou en petites structures qui, acceptant l&rsquo;aide juridictionnelle (faiblement r\u00e9mun\u00e9ratrice) et pratiquant des honoraires plus mod\u00e9r\u00e9s que les grosses structures, permettent l&rsquo;acc\u00e8s effectif des citoyens au droit et \u00e0 la d\u00e9fense en justice.<\/p>\n<p>L&rsquo;incorporation des avocats au r\u00e9gime g\u00e9n\u00e9ral aurait pr\u00e9visiblement pour effet de rar\u00e9fier drastiquement le nombre de cabinets accessibles \u00e9conomiquement aux moins ais\u00e9s, les laissant face \u00e0 ceux &#8211; entreprises commerciales notamment &#8211; qui auront toujours les moyens de payer les honoraires des cabinets d&rsquo;affaires.<\/p>\n","protected":false},"excerpt":{"rendered":"<p>\u00c0\u00a0la Lib\u00e9ration, lorsque le syst\u00e8me de retraite g\u00e9n\u00e9ralis\u00e9 pour les salari\u00e9s a \u00e9t\u00e9 institu\u00e9, il a \u00e9t\u00e9 demand\u00e9 aux professionnels lib\u00e9raux des professions juridiques et m\u00e9dicales d&rsquo;organiser leurs propres syst\u00e8mes de retraite ; il s&rsquo;agit donc non pas des fameux \u00ab\u00a0r\u00e9gimes sp\u00e9ciaux\u00a0\u00bb tant d\u00e9cri\u00e9s &#8211; qui sont des sp\u00e9cificit\u00e9s au sein du r\u00e9gime salari\u00e9 g\u00e9n\u00e9ral [&hellip;]<\/p>\n","protected":false},"author":2,"featured_media":3137,"parent":0,"menu_order":0,"comment_status":"open","ping_status":"open","template":"","meta":{"_et_pb_use_builder":"","_et_pb_old_content":"","_et_gb_content_width":"","footnotes":""},"yoast_head":"<!-- This site is optimized with the Yoast SEO plugin v22.3 - https:\/\/yoast.com\/wordpress\/plugins\/seo\/ -->\n<title>Pourquoi les avocats font ils gr\u00e8ve ? - Nicolas Bonnet - Avocat Lyon et Villeurbanne, divorce, droit m\u00e9dical, travail, litiges de la consommation...<\/title>\n<meta name=\"robots\" content=\"index, follow, max-snippet:-1, max-image-preview:large, max-video-preview:-1\" \/>\n<link rel=\"canonical\" href=\"https:\/\/www.avocat-bonnet.fr\/lyon-villeurbanne\/pourquoi-les-avocats-font-ils-greve\/\" \/>\n<meta property=\"og:locale\" content=\"fr_FR\" \/>\n<meta property=\"og:type\" content=\"article\" \/>\n<meta property=\"og:title\" content=\"Pourquoi les avocats font ils gr\u00e8ve ? - Nicolas Bonnet - Avocat Lyon et Villeurbanne, divorce, droit m\u00e9dical, travail, litiges de la consommation...\" \/>\n<meta property=\"og:description\" content=\"\u00c0\u00a0la Lib\u00e9ration, lorsque le syst\u00e8me de retraite g\u00e9n\u00e9ralis\u00e9 pour les salari\u00e9s a \u00e9t\u00e9 institu\u00e9, il a \u00e9t\u00e9 demand\u00e9 aux professionnels lib\u00e9raux des professions juridiques et m\u00e9dicales d&rsquo;organiser leurs propres syst\u00e8mes de retraite ; il s&rsquo;agit donc non pas des fameux \u00ab\u00a0r\u00e9gimes sp\u00e9ciaux\u00a0\u00bb tant d\u00e9cri\u00e9s &#8211; qui sont des sp\u00e9cificit\u00e9s au sein du r\u00e9gime salari\u00e9 g\u00e9n\u00e9ral [&hellip;]\" \/>\n<meta property=\"og:url\" content=\"https:\/\/www.avocat-bonnet.fr\/lyon-villeurbanne\/pourquoi-les-avocats-font-ils-greve\/\" \/>\n<meta property=\"og:site_name\" content=\"Nicolas Bonnet - Avocat Lyon et Villeurbanne, divorce, droit m\u00e9dical, travail, litiges de la consommation...\" \/>\n<meta property=\"article:modified_time\" content=\"2020-02-06T10:12:32+00:00\" \/>\n<meta property=\"og:image\" content=\"https:\/\/www.avocat-bonnet.fr\/lyon-villeurbanne\/wp-content\/uploads\/2020\/01\/lady-justice-2388500_1280.jpg\" \/>\n\t<meta property=\"og:image:width\" content=\"1280\" \/>\n\t<meta property=\"og:image:height\" content=\"959\" \/>\n\t<meta property=\"og:image:type\" content=\"image\/jpeg\" \/>\n<meta name=\"twitter:card\" content=\"summary_large_image\" \/>\n<meta name=\"twitter:label1\" content=\"Dur\u00e9e de lecture estim\u00e9e\" \/>\n\t<meta name=\"twitter:data1\" content=\"2 minutes\" \/>\n<script type=\"application\/ld+json\" class=\"yoast-schema-graph\">{\"@context\":\"https:\/\/schema.org\",\"@graph\":[{\"@type\":\"WebPage\",\"@id\":\"https:\/\/www.avocat-bonnet.fr\/lyon-villeurbanne\/pourquoi-les-avocats-font-ils-greve\/\",\"url\":\"https:\/\/www.avocat-bonnet.fr\/lyon-villeurbanne\/pourquoi-les-avocats-font-ils-greve\/\",\"name\":\"Pourquoi les avocats font ils gr\u00e8ve ? - Nicolas Bonnet - Avocat Lyon et Villeurbanne, divorce, droit m\u00e9dical, travail, litiges de la consommation...\",\"isPartOf\":{\"@id\":\"https:\/\/www.avocat-bonnet.fr\/lyon-villeurbanne\/#website\"},\"primaryImageOfPage\":{\"@id\":\"https:\/\/www.avocat-bonnet.fr\/lyon-villeurbanne\/pourquoi-les-avocats-font-ils-greve\/#primaryimage\"},\"image\":{\"@id\":\"https:\/\/www.avocat-bonnet.fr\/lyon-villeurbanne\/pourquoi-les-avocats-font-ils-greve\/#primaryimage\"},\"thumbnailUrl\":\"https:\/\/www.avocat-bonnet.fr\/lyon-villeurbanne\/wp-content\/uploads\/2020\/01\/lady-justice-2388500_1280.jpg\",\"datePublished\":\"2020-01-31T18:23:42+00:00\",\"dateModified\":\"2020-02-06T10:12:32+00:00\",\"breadcrumb\":{\"@id\":\"https:\/\/www.avocat-bonnet.fr\/lyon-villeurbanne\/pourquoi-les-avocats-font-ils-greve\/#breadcrumb\"},\"inLanguage\":\"fr-FR\",\"potentialAction\":[{\"@type\":\"ReadAction\",\"target\":[\"https:\/\/www.avocat-bonnet.fr\/lyon-villeurbanne\/pourquoi-les-avocats-font-ils-greve\/\"]}]},{\"@type\":\"ImageObject\",\"inLanguage\":\"fr-FR\",\"@id\":\"https:\/\/www.avocat-bonnet.fr\/lyon-villeurbanne\/pourquoi-les-avocats-font-ils-greve\/#primaryimage\",\"url\":\"https:\/\/www.avocat-bonnet.fr\/lyon-villeurbanne\/wp-content\/uploads\/2020\/01\/lady-justice-2388500_1280.jpg\",\"contentUrl\":\"https:\/\/www.avocat-bonnet.fr\/lyon-villeurbanne\/wp-content\/uploads\/2020\/01\/lady-justice-2388500_1280.jpg\",\"width\":1280,\"height\":959},{\"@type\":\"BreadcrumbList\",\"@id\":\"https:\/\/www.avocat-bonnet.fr\/lyon-villeurbanne\/pourquoi-les-avocats-font-ils-greve\/#breadcrumb\",\"itemListElement\":[{\"@type\":\"ListItem\",\"position\":1,\"name\":\"Accueil\",\"item\":\"https:\/\/www.avocat-bonnet.fr\/lyon-villeurbanne\/\"},{\"@type\":\"ListItem\",\"position\":2,\"name\":\"Pourquoi les avocats font ils gr\u00e8ve ?\"}]},{\"@type\":\"WebSite\",\"@id\":\"https:\/\/www.avocat-bonnet.fr\/lyon-villeurbanne\/#website\",\"url\":\"https:\/\/www.avocat-bonnet.fr\/lyon-villeurbanne\/\",\"name\":\"Nicolas Bonnet - Avocat Lyon et Villeurbanne, divorce, droit m\u00e9dical, travail, litiges de la consommation...\",\"description\":\"Un cabinet d&#039;avocat d\u00e9di\u00e9 au droit des particuliers, commer\u00e7ants et petites entreprises...\",\"publisher\":{\"@id\":\"https:\/\/www.avocat-bonnet.fr\/lyon-villeurbanne\/#\/schema\/person\/53ccc962871a33e31889adc918b8794d\"},\"potentialAction\":[{\"@type\":\"SearchAction\",\"target\":{\"@type\":\"EntryPoint\",\"urlTemplate\":\"https:\/\/www.avocat-bonnet.fr\/lyon-villeurbanne\/?s={search_term_string}\"},\"query-input\":\"required name=search_term_string\"}],\"inLanguage\":\"fr-FR\"},{\"@type\":[\"Person\",\"Organization\"],\"@id\":\"https:\/\/www.avocat-bonnet.fr\/lyon-villeurbanne\/#\/schema\/person\/53ccc962871a33e31889adc918b8794d\",\"name\":\"Nicolas Bonnet\",\"logo\":{\"@id\":\"https:\/\/www.avocat-bonnet.fr\/lyon-villeurbanne\/#\/schema\/person\/image\/\"}}]}<\/script>\n<!-- \/ Yoast SEO plugin. -->","yoast_head_json":{"title":"Pourquoi les avocats font ils gr\u00e8ve ? - Nicolas Bonnet - Avocat Lyon et Villeurbanne, divorce, droit m\u00e9dical, travail, litiges de la consommation...","robots":{"index":"index","follow":"follow","max-snippet":"max-snippet:-1","max-image-preview":"max-image-preview:large","max-video-preview":"max-video-preview:-1"},"canonical":"https:\/\/www.avocat-bonnet.fr\/lyon-villeurbanne\/pourquoi-les-avocats-font-ils-greve\/","og_locale":"fr_FR","og_type":"article","og_title":"Pourquoi les avocats font ils gr\u00e8ve ? - Nicolas Bonnet - Avocat Lyon et Villeurbanne, divorce, droit m\u00e9dical, travail, litiges de la consommation...","og_description":"\u00c0\u00a0la Lib\u00e9ration, lorsque le syst\u00e8me de retraite g\u00e9n\u00e9ralis\u00e9 pour les salari\u00e9s a \u00e9t\u00e9 institu\u00e9, il a \u00e9t\u00e9 demand\u00e9 aux professionnels lib\u00e9raux des professions juridiques et m\u00e9dicales d&rsquo;organiser leurs propres syst\u00e8mes de retraite ; il s&rsquo;agit donc non pas des fameux \u00ab\u00a0r\u00e9gimes sp\u00e9ciaux\u00a0\u00bb tant d\u00e9cri\u00e9s &#8211; qui sont des sp\u00e9cificit\u00e9s au sein du r\u00e9gime salari\u00e9 g\u00e9n\u00e9ral [&hellip;]","og_url":"https:\/\/www.avocat-bonnet.fr\/lyon-villeurbanne\/pourquoi-les-avocats-font-ils-greve\/","og_site_name":"Nicolas Bonnet - Avocat Lyon et Villeurbanne, divorce, droit m\u00e9dical, travail, litiges de la consommation...","article_modified_time":"2020-02-06T10:12:32+00:00","og_image":[{"width":1280,"height":959,"url":"https:\/\/www.avocat-bonnet.fr\/lyon-villeurbanne\/wp-content\/uploads\/2020\/01\/lady-justice-2388500_1280.jpg","type":"image\/jpeg"}],"twitter_card":"summary_large_image","twitter_misc":{"Dur\u00e9e de lecture estim\u00e9e":"2 minutes"},"schema":{"@context":"https:\/\/schema.org","@graph":[{"@type":"WebPage","@id":"https:\/\/www.avocat-bonnet.fr\/lyon-villeurbanne\/pourquoi-les-avocats-font-ils-greve\/","url":"https:\/\/www.avocat-bonnet.fr\/lyon-villeurbanne\/pourquoi-les-avocats-font-ils-greve\/","name":"Pourquoi les avocats font ils gr\u00e8ve ? - Nicolas Bonnet - Avocat Lyon et Villeurbanne, divorce, droit m\u00e9dical, travail, litiges de la consommation...","isPartOf":{"@id":"https:\/\/www.avocat-bonnet.fr\/lyon-villeurbanne\/#website"},"primaryImageOfPage":{"@id":"https:\/\/www.avocat-bonnet.fr\/lyon-villeurbanne\/pourquoi-les-avocats-font-ils-greve\/#primaryimage"},"image":{"@id":"https:\/\/www.avocat-bonnet.fr\/lyon-villeurbanne\/pourquoi-les-avocats-font-ils-greve\/#primaryimage"},"thumbnailUrl":"https:\/\/www.avocat-bonnet.fr\/lyon-villeurbanne\/wp-content\/uploads\/2020\/01\/lady-justice-2388500_1280.jpg","datePublished":"2020-01-31T18:23:42+00:00","dateModified":"2020-02-06T10:12:32+00:00","breadcrumb":{"@id":"https:\/\/www.avocat-bonnet.fr\/lyon-villeurbanne\/pourquoi-les-avocats-font-ils-greve\/#breadcrumb"},"inLanguage":"fr-FR","potentialAction":[{"@type":"ReadAction","target":["https:\/\/www.avocat-bonnet.fr\/lyon-villeurbanne\/pourquoi-les-avocats-font-ils-greve\/"]}]},{"@type":"ImageObject","inLanguage":"fr-FR","@id":"https:\/\/www.avocat-bonnet.fr\/lyon-villeurbanne\/pourquoi-les-avocats-font-ils-greve\/#primaryimage","url":"https:\/\/www.avocat-bonnet.fr\/lyon-villeurbanne\/wp-content\/uploads\/2020\/01\/lady-justice-2388500_1280.jpg","contentUrl":"https:\/\/www.avocat-bonnet.fr\/lyon-villeurbanne\/wp-content\/uploads\/2020\/01\/lady-justice-2388500_1280.jpg","width":1280,"height":959},{"@type":"BreadcrumbList","@id":"https:\/\/www.avocat-bonnet.fr\/lyon-villeurbanne\/pourquoi-les-avocats-font-ils-greve\/#breadcrumb","itemListElement":[{"@type":"ListItem","position":1,"name":"Accueil","item":"https:\/\/www.avocat-bonnet.fr\/lyon-villeurbanne\/"},{"@type":"ListItem","position":2,"name":"Pourquoi les avocats font ils gr\u00e8ve ?"}]},{"@type":"WebSite","@id":"https:\/\/www.avocat-bonnet.fr\/lyon-villeurbanne\/#website","url":"https:\/\/www.avocat-bonnet.fr\/lyon-villeurbanne\/","name":"Nicolas Bonnet - Avocat Lyon et Villeurbanne, divorce, droit m\u00e9dical, travail, litiges de la consommation...","description":"Un cabinet d&#039;avocat d\u00e9di\u00e9 au droit des particuliers, commer\u00e7ants et petites entreprises...","publisher":{"@id":"https:\/\/www.avocat-bonnet.fr\/lyon-villeurbanne\/#\/schema\/person\/53ccc962871a33e31889adc918b8794d"},"potentialAction":[{"@type":"SearchAction","target":{"@type":"EntryPoint","urlTemplate":"https:\/\/www.avocat-bonnet.fr\/lyon-villeurbanne\/?s={search_term_string}"},"query-input":"required name=search_term_string"}],"inLanguage":"fr-FR"},{"@type":["Person","Organization"],"@id":"https:\/\/www.avocat-bonnet.fr\/lyon-villeurbanne\/#\/schema\/person\/53ccc962871a33e31889adc918b8794d","name":"Nicolas Bonnet","logo":{"@id":"https:\/\/www.avocat-bonnet.fr\/lyon-villeurbanne\/#\/schema\/person\/image\/"}}]}},"_links":{"self":[{"href":"https:\/\/www.avocat-bonnet.fr\/lyon-villeurbanne\/wp-json\/wp\/v2\/pages\/3135"}],"collection":[{"href":"https:\/\/www.avocat-bonnet.fr\/lyon-villeurbanne\/wp-json\/wp\/v2\/pages"}],"about":[{"href":"https:\/\/www.avocat-bonnet.fr\/lyon-villeurbanne\/wp-json\/wp\/v2\/types\/page"}],"author":[{"embeddable":true,"href":"https:\/\/www.avocat-bonnet.fr\/lyon-villeurbanne\/wp-json\/wp\/v2\/users\/2"}],"replies":[{"embeddable":true,"href":"https:\/\/www.avocat-bonnet.fr\/lyon-villeurbanne\/wp-json\/wp\/v2\/comments?post=3135"}],"version-history":[{"count":0,"href":"https:\/\/www.avocat-bonnet.fr\/lyon-villeurbanne\/wp-json\/wp\/v2\/pages\/3135\/revisions"}],"wp:featuredmedia":[{"embeddable":true,"href":"https:\/\/www.avocat-bonnet.fr\/lyon-villeurbanne\/wp-json\/wp\/v2\/media\/3137"}],"wp:attachment":[{"href":"https:\/\/www.avocat-bonnet.fr\/lyon-villeurbanne\/wp-json\/wp\/v2\/media?parent=3135"}],"curies":[{"name":"wp","href":"https:\/\/api.w.org\/{rel}","templated":true}]}}