{"id":1165,"date":"2014-03-04T16:36:18","date_gmt":"2014-03-04T15:36:18","guid":{"rendered":"http:\/\/www.avocat-bonnet.fr\/lesite\/?page_id=1165"},"modified":"2018-06-28T17:34:14","modified_gmt":"2018-06-28T15:34:14","slug":"plan-du-site","status":"publish","type":"page","link":"https:\/\/www.avocat-bonnet.fr\/lyon-villeurbanne\/plan-du-site\/","title":{"rendered":"Plan du site"},"content":{"rendered":"<div class=\"wsp-container\"><h2 class=\"wsp-posts-title\">Articles par cat\u00e9gorie<\/h2>\n<ul class=\"wsp-posts-list\">\n\t<li><strong class=\"wsp-category-title\">Cat\u00e9gorie\u00a0: <a href=\"https:\/\/www.avocat-bonnet.fr\/lyon-villeurbanne\/juridique\/\">Les avocats<\/a><\/strong>\n<ul class=\"wsp-posts-list\">\t\t<li class=\"wsp-post\"><a href=\"https:\/\/www.avocat-bonnet.fr\/lyon-villeurbanne\/hommage-a-robert-badinter\/\">Hommage \u00e0 Robert Badinter<\/a><\/li>\n\t\t<li class=\"wsp-post\"><a href=\"https:\/\/www.avocat-bonnet.fr\/lyon-villeurbanne\/assouplissement-des-regles-de-changement-du-nom\/\">Assouplissement des r\u00e8gles de changement du nom<\/a><\/li>\n\t\t<li class=\"wsp-post\"><a href=\"https:\/\/www.avocat-bonnet.fr\/lyon-villeurbanne\/breves-a-propos-du-divorce-judiciaire\/\">Br\u00e8ves \u00e0 propos du divorce judiciaire<\/a><\/li>\n\t\t<li class=\"wsp-post\"><a href=\"https:\/\/www.avocat-bonnet.fr\/lyon-villeurbanne\/le-nouveau-divorce-judiciaire\/\">Le nouveau divorce judiciaire<\/a><\/li>\n\t\t<li class=\"wsp-post\"><a href=\"https:\/\/www.avocat-bonnet.fr\/lyon-villeurbanne\/pourquoi-les-avocats-font-ils-greve\/\">POURQUOI LES AVOCATS FONT ILS GR\u00c8VE ?<\/a><\/li>\n\t\t<li class=\"wsp-post\"><a href=\"https:\/\/www.avocat-bonnet.fr\/lyon-villeurbanne\/divorce-sans-juge-un-divorce-tres-franco-francais\/\">DIVORCE SANS JUGE : UN DIVORCE TR\u00c8S FRANCO-FRAN\u00c7AIS<\/a><\/li>\n\t\t<li class=\"wsp-post\"><a href=\"https:\/\/www.avocat-bonnet.fr\/lyon-villeurbanne\/divorce-amiable-juge-cest\/\">LE DIVORCE AMIABLE SANS JUGE : C&rsquo;EST MAINTENANT !<\/a><\/li>\n\t\t<li class=\"wsp-post\"><a href=\"https:\/\/www.avocat-bonnet.fr\/lyon-villeurbanne\/divorce-prestation-compensatoire-et-indemnite-de-prejudice-corporel\/\">DIVORCE : prestation compensatoire et indemnit\u00e9s de pr\u00e9judice corporel<\/a><\/li>\n\t\t<li class=\"wsp-post\"><a href=\"https:\/\/www.avocat-bonnet.fr\/lyon-villeurbanne\/responsabilite-medicale-caracterisation-de-la-faute\/\">RESPONSABILITE MEDICALE : caract\u00e9risation de la faute<\/a><\/li>\n\t\t<li class=\"wsp-post\"><a href=\"https:\/\/www.avocat-bonnet.fr\/lyon-villeurbanne\/contrat-travail-temps-partiel-ecrit\/\">CONTRAT DE TRAVAIL : le temps partiel doit \u00eatre \u00e9crit<\/a><\/li>\n\t\t<li class=\"wsp-post\"><a href=\"https:\/\/www.avocat-bonnet.fr\/lyon-villeurbanne\/droit-du-travail-le-droit-au-remboursement-des-frais-professionnels\/\">CONTRAT DE TRAVAIL : le droit au remboursement des frais professionnels<\/a><\/li>\n\t\t<li class=\"wsp-post\"><a href=\"https:\/\/www.avocat-bonnet.fr\/lyon-villeurbanne\/regimes-matrimoniaux-a-propos-des-depenses-de-logement\/\">REGIMES MATRIMONIAUX : \u00e0 propos des d\u00e9penses de logement<\/a><\/li>\n\t\t<li class=\"wsp-post\"><a href=\"https:\/\/www.avocat-bonnet.fr\/lyon-villeurbanne\/rupture-conventionnelle-contrat-travail-procedure\/\">CONTRAT DE TRAVAIL : la proc\u00e9dure de rupture conventionnelle peut \u00eatre exp\u00e9ditive<\/a><\/li>\n\t\t<li class=\"wsp-post\"><a href=\"https:\/\/www.avocat-bonnet.fr\/lyon-villeurbanne\/droit-du-travail-indemnisation-forfaitaire-en-conciliation\/\">LICENCIEMENT : indemnisation forfaitaire en conciliation<\/a><\/li>\n\t\t<li class=\"wsp-post\"><a href=\"https:\/\/www.avocat-bonnet.fr\/lyon-villeurbanne\/infections-nosocomiales-conditions-de-mise-en-cause-de-loniam\/\">INFECTIONS NOSOCOMIALES : conditions de mise en cause de l&rsquo;ONIAM<\/a><\/li>\n\t\t<li class=\"wsp-post\"><a href=\"https:\/\/www.avocat-bonnet.fr\/lyon-villeurbanne\/responsabilite-medicale-le-cas-de-la-pluralite-de-medecins\/\">RESPONSABILITE MEDICALE : le cas de la pluralit\u00e9 de m\u00e9decins<\/a><\/li>\n\t\t<li class=\"wsp-post\"><a href=\"https:\/\/www.avocat-bonnet.fr\/lyon-villeurbanne\/regimes-matrimoniaux-qualification-juridique-de-depenses-relatives-au-logement-de-la-famille\/\">REGIMES MATRIMONIAUX : qualification juridique de d\u00e9penses relatives au logement de la famille<\/a><\/li>\n\t\t<li class=\"wsp-post\"><a href=\"https:\/\/www.avocat-bonnet.fr\/lyon-villeurbanne\/divorce-pension-alimentaire-juge-avocat\/\">DIVORCE : \u00e0 quel moment prend fin la pension alimentaire ?<\/a><\/li>\n\t\t<li class=\"wsp-post\"><a href=\"https:\/\/www.avocat-bonnet.fr\/lyon-villeurbanne\/divorce-donations-entre-epoux\/\">DIVORCE : non validit\u00e9 des clauses de non-divorce dans les donations entre \u00e9poux<\/a><\/li>\n\t\t<li class=\"wsp-post\"><a href=\"https:\/\/www.avocat-bonnet.fr\/lyon-villeurbanne\/droit-du-travail-abus-de-son-pouvoir-de-direction-par-lemployeur\/\">DROIT DU TRAVAIL : abus de son pouvoir de direction par l&#8217;employeur<\/a><\/li>\n\t\t<li class=\"wsp-post\"><a href=\"https:\/\/www.avocat-bonnet.fr\/lyon-villeurbanne\/droit-du-travail-illeceite-de-levaluation-par-ranking-par-quotas\/\">DROIT DU TRAVAIL : ill\u00e9c\u00e9it\u00e9 de l&rsquo;\u00e9valuation par \u00ab\u00a0ranking par quotas\u00a0\u00bb<\/a><\/li>\n\t\t<li class=\"wsp-post\"><a href=\"https:\/\/www.avocat-bonnet.fr\/lyon-villeurbanne\/responsabilite-medicale-exemple-de-faute-grave\/\">RESPONSABILITE MEDICALE : exemple de faute grave<\/a><\/li>\n\t\t<li class=\"wsp-post\"><a href=\"https:\/\/www.avocat-bonnet.fr\/lyon-villeurbanne\/divorce-le-temoignage-des-descendants-nest-jamais-admissible\/\">DIVORCE : le t\u00e9moignage des descendants n&rsquo;est jamais admissible<\/a><\/li>\n\t\t<li class=\"wsp-post\"><a href=\"https:\/\/www.avocat-bonnet.fr\/lyon-villeurbanne\/autorite-parentale-sortie-du-territoire-des-mineurs-et-autorisation-parentale\/\">AUTORITE PARENTALE : sortie du territoire des enfants mineurs et autorisation parentale<\/a><\/li>\n\t\t<li class=\"wsp-post\"><a href=\"https:\/\/www.avocat-bonnet.fr\/lyon-villeurbanne\/successions-conditions-de-validite-en-france-dun-testament-international\/\">SUCCESSIONS : conditions de validit\u00e9 en France d&rsquo;un testament international<\/a><\/li>\n\t\t<li class=\"wsp-post\"><a href=\"https:\/\/www.avocat-bonnet.fr\/lyon-villeurbanne\/divorce-biens-professionnels-et-communaute-des-acquets\/\">DIVORCE : biens professionnels et communaut\u00e9 des acqu\u00eats<\/a><\/li>\n\t\t<li class=\"wsp-post\"><a href=\"https:\/\/www.avocat-bonnet.fr\/lyon-villeurbanne\/responsabilite-medicale-aux-confins-de-la-faute-et-de-lalea-therapeutique\/\">RESPONSABILITE MEDICALE : aux confins de la faute et de l&rsquo;al\u00e9a th\u00e9rapeutique<\/a><\/li>\n\t\t<li class=\"wsp-post\"><a href=\"https:\/\/www.avocat-bonnet.fr\/lyon-villeurbanne\/regimes-matrimoniaux-quelle-loi-applicable-lorsque-le-mariage-a-ete-celebre-a-letranger\/\">REGIMES MATRIMONIAUX : quelle loi applicable lorsque le mariage a \u00e9t\u00e9 c\u00e9l\u00e9br\u00e9 \u00e0 l&rsquo;\u00e9tranger ?<\/a><\/li>\n\t\t<li class=\"wsp-post\"><a href=\"https:\/\/www.avocat-bonnet.fr\/lyon-villeurbanne\/autorite-parentale-nouvelles-modalites-de-declaration-dexercice-conjoint\/\">AUTORITE PARENTALE : nouvelles modalit\u00e9s de la d\u00e9claration d&rsquo;exercice conjoint<\/a><\/li>\n\t\t<li class=\"wsp-post\"><a href=\"https:\/\/www.avocat-bonnet.fr\/lyon-villeurbanne\/divorce-par-consentement-mutuel-loubli-de-recompenses-justifie-un-partage-complementaire-et-lengagement-de-la-responsabilite-du-notaire\/\">DIVORCE PAR CONSENTEMENT MUTUEL : l\u2019oubli de r\u00e9compenses justifie un partage compl\u00e9mentaire et l\u2019engagement de la responsabilit\u00e9 du notaire<\/a><\/li>\n\t\t<li class=\"wsp-post\"><a href=\"https:\/\/www.avocat-bonnet.fr\/lyon-villeurbanne\/droit-medical-letendue-de-lobligation-de-soins-du-medecin\/\">DROIT MEDICAL : l\u2019\u00e9tendue de l\u2019obligation de soins du m\u00e9decin<\/a><\/li>\n\t\t<li class=\"wsp-post\"><a href=\"https:\/\/www.avocat-bonnet.fr\/lyon-villeurbanne\/divorce-par-consentement-mutuel-les-pouvoirs-du-juge-aux-affaires-familiales-dans-la-liquidation-de-la-communaute\/\">DIVORCE : les pouvoirs du juge aux affaires familiales dans la liquidation de la communaut\u00e9<\/a><\/li>\n\t\t<li class=\"wsp-post\"><a href=\"https:\/\/www.avocat-bonnet.fr\/lyon-villeurbanne\/divorce-pour-faute-les-consequences-possibles-pour-lepoux-fautif\/\">DIVORCE POUR FAUTE : les cons\u00e9quences possibles pour l&rsquo;\u00e9poux fautif<\/a><\/li>\n\t\t<li class=\"wsp-post\"><a href=\"https:\/\/www.avocat-bonnet.fr\/lyon-villeurbanne\/successions-les-contrats-dassurance-vie-font-ils-partie-des-biens-partageables\/\">SUCCESSIONS : Les contrats d\u2019assurance vie font-ils partie des biens partageables ?<\/a><\/li>\n\t\t<li class=\"wsp-post\"><a href=\"https:\/\/www.avocat-bonnet.fr\/lyon-villeurbanne\/divorce-des-complications-de-construire-une-maison-commune-sur-un-terrain-propre\/\">DIVORCE : des complications de construire une maison commune sur un terrain propre<\/a><\/li>\n\t\t<li class=\"wsp-post\"><a href=\"https:\/\/www.avocat-bonnet.fr\/lyon-villeurbanne\/droit-du-travail-temps-de-travail-et-charge-de-la-preuve\/\">DROIT DU TRAVAIL : temps de travail et charge de la preuve<\/a><\/li>\n\t\t<li class=\"wsp-post\"><a href=\"https:\/\/www.avocat-bonnet.fr\/lyon-villeurbanne\/separations-la-pension-alimentaire-pour-enfant-peut-persister-meme-au-dela-de-la-majorite\/\">SEPARATIONS : la pension alimentaire pour enfant peut persister m\u00eame au-del\u00e0 de la majorit\u00e9<\/a><\/li>\n\t\t<li class=\"wsp-post\"><a href=\"https:\/\/www.avocat-bonnet.fr\/lyon-villeurbanne\/successions-il-est-possible-de-partager-ses-biens-entre-ses-enfants-et-ses-petits-enfants\/\">SUCCESSIONS : il est possible de partager ses biens entre ses enfants et ses petits-enfants<\/a><\/li>\n\t\t<li class=\"wsp-post\"><a href=\"https:\/\/www.avocat-bonnet.fr\/lyon-villeurbanne\/droit-de-la-famille-les-sens-du-mot-separation\/\">DROIT DE LA FAMILLE : les sens du mot \u00ab\u00a0s\u00e9paration\u00a0\u00bb.<\/a><\/li>\n\t\t<li class=\"wsp-post\"><a href=\"https:\/\/www.avocat-bonnet.fr\/lyon-villeurbanne\/droit-medical-indemnisation-patient\/\">DROIT MEDICAL : \u00e9largissement des cas d&rsquo;indemnisation du d\u00e9faut d&rsquo;information du patient.<\/a><\/li>\n\t\t<li class=\"wsp-post\"><a href=\"https:\/\/www.avocat-bonnet.fr\/lyon-villeurbanne\/ordi-au-travail-attention-a-la-confidentialite\/\">DROIT DU TRAVAIL : ordi. au travail et confidentialit\u00e9<\/a><\/li>\n\t\t<li class=\"wsp-post\"><a href=\"https:\/\/www.avocat-bonnet.fr\/lyon-villeurbanne\/garde-a-vue-avancee-dela-loi\/\">GARDE \u00c0 VUE : La cour de cassation limite les avanc\u00e9es de la loi.<\/a><\/li>\n<\/ul><\/li>\n\t<li><strong class=\"wsp-category-title\">Cat\u00e9gorie\u00a0: <a href=\"https:\/\/www.avocat-bonnet.fr\/lyon-villeurbanne\/maitre-nicolas-bonnet\/\">Ma\u00eetre Nicolas Bonnet<\/a><\/strong>\n<ul class=\"wsp-posts-list\">\t\t<li class=\"wsp-post\"><a href=\"https:\/\/www.avocat-bonnet.fr\/lyon-villeurbanne\/securisation-du-paiement-des-pensions-alimentaires-pour-enfants\/\">S\u00e9curisation du paiement des pensions alimentaires pour enfants<\/a><\/li>\n\t\t<li class=\"wsp-post\"><a href=\"https:\/\/www.avocat-bonnet.fr\/lyon-villeurbanne\/non-paiement-de-pension-alimentaire-que-faire\/\">NON PAIEMENT DE PENSION ALIMENTAIRE : QUE FAIRE ?<\/a><\/li>\n<\/ul><\/li>\n<\/ul>\n<\/div>\n<div class=\"wsp-container\"><h2 class=\"wsp-pages-title\">Pages<\/h2>\n<ul class=\"wsp-pages-list\">\n<li class=\"page_item page-item-32\"><a href=\"https:\/\/www.avocat-bonnet.fr\/lyon-villeurbanne\/\">Cabinet d&rsquo;avocat &#8211; Lyon &#8211; Villeurbanne<\/a><\/li>\n<li class=\"page_item page-item-1854\"><a href=\"https:\/\/www.avocat-bonnet.fr\/lyon-villeurbanne\/la-prestation-compensatoire\/\">La prestation compensatoire<\/a><\/li>\n<li class=\"page_item page-item-1628 current_page_parent\"><a href=\"https:\/\/www.avocat-bonnet.fr\/lyon-villeurbanne\/blog-actualite-juridique\/\">Le blog de l&rsquo;actualit\u00e9 juridique<\/a><\/li>\n<li class=\"page_item page-item-1858\"><a href=\"https:\/\/www.avocat-bonnet.fr\/lyon-villeurbanne\/les-pensions-alimentaires\/\">Les pensions alimentaires<\/a><\/li>\n<li class=\"page_item page-item-337\"><a href=\"https:\/\/www.avocat-bonnet.fr\/lyon-villeurbanne\/mentions-legales\/\">Mentions l\u00e9gales<\/a><\/li>\n<li class=\"page_item page-item-1165\"><a href=\"https:\/\/www.avocat-bonnet.fr\/lyon-villeurbanne\/plan-du-site\/\">Plan du site<\/a><\/li>\n<li class=\"page_item page-item-3135\"><a href=\"https:\/\/www.avocat-bonnet.fr\/lyon-villeurbanne\/pourquoi-les-avocats-font-ils-greve\/\">Pourquoi les avocats font ils gr\u00e8ve ?<\/a><\/li>\n<li class=\"page_item page-item-929\"><a href=\"https:\/\/www.avocat-bonnet.fr\/lyon-villeurbanne\/un-cabinet-davocat-en-droit-medical-lyon7-et-villeurbanne\/\">Un cabinet d&rsquo;avocat en droit m\u00e9dical (Lyon 7\u00e8me et Villeurbanne)<\/a><\/li>\n<li class=\"page_item page-item-1418\"><a href=\"https:\/\/www.avocat-bonnet.fr\/lyon-villeurbanne\/competences-du-cabinet\/\">Comp\u00e9tences du cabinet<\/a><\/li>\n<li class=\"page_item page-item-498\"><a href=\"https:\/\/www.avocat-bonnet.fr\/lyon-villeurbanne\/la-contestation-du-licenciement\/\">La contestation du licenciement<\/a><\/li>\n<li class=\"page_item page-item-488\"><a href=\"https:\/\/www.avocat-bonnet.fr\/lyon-villeurbanne\/avocat-divorce-amiable-sans-juge-consentement-mutuel\/\">Le divorce par consentement mutuel (divorce \u00ab\u00a0amiable\u00a0\u00bb ou \u00ab\u00a0divorce sans juge\u00a0\u00bb)<\/a><\/li>\n<li class=\"page_item page-item-504\"><a href=\"https:\/\/www.avocat-bonnet.fr\/lyon-villeurbanne\/les-affaires-immobilieres\/\">Les affaires immobili\u00e8res<\/a><\/li>\n<li class=\"page_item page-item-72\"><a href=\"https:\/\/www.avocat-bonnet.fr\/lyon-villeurbanne\/formation-et-experience\/\">Parcours professionnel<\/a><\/li>\n<li class=\"page_item page-item-64\"><a href=\"https:\/\/www.avocat-bonnet.fr\/lyon-villeurbanne\/preparer-le-premier-rendez-vous\/\">Premier rendez-vous avec votre avocat<\/a><\/li>\n<li class=\"page_item page-item-82\"><a href=\"https:\/\/www.avocat-bonnet.fr\/lyon-villeurbanne\/avocat-divorce-famille-villeurbanne-lyon\/\">Un cabinet d&rsquo;avocat d\u00e9di\u00e9 aux droits des particuliers (Lyon et Villeurbanne)<\/a><\/li>\n<li class=\"page_item page-item-1759\"><a href=\"https:\/\/www.avocat-bonnet.fr\/lyon-villeurbanne\/cabinet-avocat-travail-immobilier-consommation\/\">Un cabinet d&rsquo;avocat d\u00e9di\u00e9 aux droits du travail, de la consommation ou de l&rsquo;immobilier<\/a><\/li>\n<li class=\"page_item page-item-75\"><a href=\"https:\/\/www.avocat-bonnet.fr\/lyon-villeurbanne\/specialisation-et-formations-recentes\/\">Formations de l&rsquo;avocat r\u00e9centes<\/a><\/li>\n<li class=\"page_item page-item-501\"><a href=\"https:\/\/www.avocat-bonnet.fr\/lyon-villeurbanne\/la-rupture-conventionnelle\/\">La rupture conventionnelle<\/a><\/li>\n<li class=\"page_item page-item-507\"><a href=\"https:\/\/www.avocat-bonnet.fr\/lyon-villeurbanne\/le-droit-de-la-consommation\/\">Le droit de la consommation<\/a><\/li>\n<li class=\"page_item page-item-491\"><a href=\"https:\/\/www.avocat-bonnet.fr\/lyon-villeurbanne\/avocat-cas-divorces-lyon-villeurbanne\/\">Les autres cas de divorce<\/a><\/li>\n<li class=\"page_item page-item-494\"><a href=\"https:\/\/www.avocat-bonnet.fr\/lyon-villeurbanne\/la-separation-de-corps\/\">La s\u00e9paration de corps<\/a><\/li>\n<li class=\"page_item page-item-510\"><a href=\"https:\/\/www.avocat-bonnet.fr\/lyon-villeurbanne\/le-droit-medical\/\">Le droit m\u00e9dical<\/a><\/li>\n<li class=\"page_item page-item-53\"><a href=\"https:\/\/www.avocat-bonnet.fr\/lyon-villeurbanne\/honoraires-davocat\/\">Les honoraires de l&rsquo;avocat<\/a><\/li>\n<li class=\"page_item page-item-178\"><a href=\"https:\/\/www.avocat-bonnet.fr\/lyon-villeurbanne\/principes-dintervention\/\">Principes d&rsquo;intervention<\/a><\/li>\n<li class=\"page_item page-item-96\"><a href=\"https:\/\/www.avocat-bonnet.fr\/lyon-villeurbanne\/missions-avocat\/\">Les missions de l&rsquo;avocat<\/a><\/li>\n<li class=\"page_item page-item-22\"><a href=\"https:\/\/www.avocat-bonnet.fr\/lyon-villeurbanne\/contact\/\">Acc\u00e8s et contact<\/a><\/li>\n<li class=\"page_item page-item-102\"><a href=\"https:\/\/www.avocat-bonnet.fr\/lyon-villeurbanne\/liens-utiles\/\">Liens (vraiment) utiles<\/a><\/li>\n<\/ul>\n<\/div>\n<div class=\"wsp-container\"><h2 class=\"wsp-categories-title\">Cat\u00e9gories<\/h2>\n<ul class=\"wsp-categories-list\">\n\t<li><a href=\"https:\/\/www.avocat-bonnet.fr\/lyon-villeurbanne\/juridique\/\">Les avocats<\/a><\/li>\n\t<li><a href=\"https:\/\/www.avocat-bonnet.fr\/lyon-villeurbanne\/maitre-nicolas-bonnet\/\">Ma\u00eetre Nicolas Bonnet<\/a><\/li>\n<\/ul>\n<\/div>\n<p>&nbsp;<\/p>\n","protected":false},"excerpt":{"rendered":"<p>&nbsp;<\/p>\n","protected":false},"author":4,"featured_media":1562,"parent":0,"menu_order":0,"comment_status":"closed","ping_status":"open","template":"","meta":{"_et_pb_use_builder":"","_et_pb_old_content":"","_et_gb_content_width":"","footnotes":""},"yoast_head":"<!-- This site is optimized with the Yoast SEO plugin v22.3 - https:\/\/yoast.com\/wordpress\/plugins\/seo\/ -->\n<title>Plan du site - Nicolas Bonnet - Avocat Lyon et Villeurbanne, divorce, droit m\u00e9dical, travail, litiges de la consommation...<\/title>\n<meta name=\"robots\" content=\"index, follow, max-snippet:-1, max-image-preview:large, max-video-preview:-1\" \/>\n<link rel=\"canonical\" href=\"https:\/\/www.avocat-bonnet.fr\/lyon-villeurbanne\/plan-du-site\/\" \/>\n<meta property=\"og:locale\" content=\"fr_FR\" \/>\n<meta property=\"og:type\" content=\"article\" \/>\n<meta property=\"og:title\" content=\"Plan du site - Nicolas Bonnet - Avocat Lyon et Villeurbanne, divorce, droit m\u00e9dical, travail, litiges de la consommation...\" \/>\n<meta property=\"og:description\" content=\"&nbsp;\" \/>\n<meta property=\"og:url\" content=\"https:\/\/www.avocat-bonnet.fr\/lyon-villeurbanne\/plan-du-site\/\" \/>\n<meta property=\"og:site_name\" content=\"Nicolas Bonnet - Avocat Lyon et Villeurbanne, divorce, droit m\u00e9dical, travail, litiges de la consommation...\" \/>\n<meta property=\"article:modified_time\" content=\"2018-06-28T15:34:14+00:00\" \/>\n<meta property=\"og:image\" content=\"https:\/\/www.avocat-bonnet.fr\/lyon-villeurbanne\/wp-content\/uploads\/2018\/06\/Defaut-image.jpg\" \/>\n\t<meta property=\"og:image:width\" content=\"300\" \/>\n\t<meta property=\"og:image:height\" content=\"200\" \/>\n\t<meta property=\"og:image:type\" content=\"image\/jpeg\" \/>\n<meta name=\"twitter:card\" content=\"summary_large_image\" \/>\n<script type=\"application\/ld+json\" class=\"yoast-schema-graph\">{\"@context\":\"https:\/\/schema.org\",\"@graph\":[{\"@type\":\"WebPage\",\"@id\":\"https:\/\/www.avocat-bonnet.fr\/lyon-villeurbanne\/plan-du-site\/\",\"url\":\"https:\/\/www.avocat-bonnet.fr\/lyon-villeurbanne\/plan-du-site\/\",\"name\":\"Plan du site - Nicolas Bonnet - Avocat Lyon et Villeurbanne, divorce, droit m\u00e9dical, travail, litiges de la consommation...\",\"isPartOf\":{\"@id\":\"https:\/\/www.avocat-bonnet.fr\/lyon-villeurbanne\/#website\"},\"primaryImageOfPage\":{\"@id\":\"https:\/\/www.avocat-bonnet.fr\/lyon-villeurbanne\/plan-du-site\/#primaryimage\"},\"image\":{\"@id\":\"https:\/\/www.avocat-bonnet.fr\/lyon-villeurbanne\/plan-du-site\/#primaryimage\"},\"thumbnailUrl\":\"https:\/\/www.avocat-bonnet.fr\/lyon-villeurbanne\/wp-content\/uploads\/2018\/06\/Defaut-image.jpg\",\"datePublished\":\"2014-03-04T15:36:18+00:00\",\"dateModified\":\"2018-06-28T15:34:14+00:00\",\"breadcrumb\":{\"@id\":\"https:\/\/www.avocat-bonnet.fr\/lyon-villeurbanne\/plan-du-site\/#breadcrumb\"},\"inLanguage\":\"fr-FR\",\"potentialAction\":[{\"@type\":\"ReadAction\",\"target\":[\"https:\/\/www.avocat-bonnet.fr\/lyon-villeurbanne\/plan-du-site\/\"]}]},{\"@type\":\"ImageObject\",\"inLanguage\":\"fr-FR\",\"@id\":\"https:\/\/www.avocat-bonnet.fr\/lyon-villeurbanne\/plan-du-site\/#primaryimage\",\"url\":\"https:\/\/www.avocat-bonnet.fr\/lyon-villeurbanne\/wp-content\/uploads\/2018\/06\/Defaut-image.jpg\",\"contentUrl\":\"https:\/\/www.avocat-bonnet.fr\/lyon-villeurbanne\/wp-content\/uploads\/2018\/06\/Defaut-image.jpg\",\"width\":300,\"height\":200},{\"@type\":\"BreadcrumbList\",\"@id\":\"https:\/\/www.avocat-bonnet.fr\/lyon-villeurbanne\/plan-du-site\/#breadcrumb\",\"itemListElement\":[{\"@type\":\"ListItem\",\"position\":1,\"name\":\"Accueil\",\"item\":\"https:\/\/www.avocat-bonnet.fr\/lyon-villeurbanne\/\"},{\"@type\":\"ListItem\",\"position\":2,\"name\":\"Plan du site\"}]},{\"@type\":\"WebSite\",\"@id\":\"https:\/\/www.avocat-bonnet.fr\/lyon-villeurbanne\/#website\",\"url\":\"https:\/\/www.avocat-bonnet.fr\/lyon-villeurbanne\/\",\"name\":\"Nicolas Bonnet - Avocat Lyon et Villeurbanne, divorce, droit m\u00e9dical, travail, litiges de la consommation...\",\"description\":\"Un cabinet d&#039;avocat d\u00e9di\u00e9 au droit des particuliers, commer\u00e7ants et petites entreprises...\",\"publisher\":{\"@id\":\"https:\/\/www.avocat-bonnet.fr\/lyon-villeurbanne\/#\/schema\/person\/53ccc962871a33e31889adc918b8794d\"},\"potentialAction\":[{\"@type\":\"SearchAction\",\"target\":{\"@type\":\"EntryPoint\",\"urlTemplate\":\"https:\/\/www.avocat-bonnet.fr\/lyon-villeurbanne\/?s={search_term_string}\"},\"query-input\":\"required name=search_term_string\"}],\"inLanguage\":\"fr-FR\"},{\"@type\":[\"Person\",\"Organization\"],\"@id\":\"https:\/\/www.avocat-bonnet.fr\/lyon-villeurbanne\/#\/schema\/person\/53ccc962871a33e31889adc918b8794d\",\"name\":\"Nicolas Bonnet\",\"logo\":{\"@id\":\"https:\/\/www.avocat-bonnet.fr\/lyon-villeurbanne\/#\/schema\/person\/image\/\"}}]}<\/script>\n<!-- \/ Yoast SEO plugin. -->","yoast_head_json":{"title":"Plan du site - Nicolas Bonnet - Avocat Lyon et Villeurbanne, divorce, droit m\u00e9dical, travail, litiges de la consommation...","robots":{"index":"index","follow":"follow","max-snippet":"max-snippet:-1","max-image-preview":"max-image-preview:large","max-video-preview":"max-video-preview:-1"},"canonical":"https:\/\/www.avocat-bonnet.fr\/lyon-villeurbanne\/plan-du-site\/","og_locale":"fr_FR","og_type":"article","og_title":"Plan du site - Nicolas Bonnet - Avocat Lyon et Villeurbanne, divorce, droit m\u00e9dical, travail, litiges de la consommation...","og_description":"&nbsp;","og_url":"https:\/\/www.avocat-bonnet.fr\/lyon-villeurbanne\/plan-du-site\/","og_site_name":"Nicolas Bonnet - Avocat Lyon et Villeurbanne, divorce, droit m\u00e9dical, travail, litiges de la consommation...","article_modified_time":"2018-06-28T15:34:14+00:00","og_image":[{"width":300,"height":200,"url":"https:\/\/www.avocat-bonnet.fr\/lyon-villeurbanne\/wp-content\/uploads\/2018\/06\/Defaut-image.jpg","type":"image\/jpeg"}],"twitter_card":"summary_large_image","schema":{"@context":"https:\/\/schema.org","@graph":[{"@type":"WebPage","@id":"https:\/\/www.avocat-bonnet.fr\/lyon-villeurbanne\/plan-du-site\/","url":"https:\/\/www.avocat-bonnet.fr\/lyon-villeurbanne\/plan-du-site\/","name":"Plan du site - Nicolas Bonnet - Avocat Lyon et Villeurbanne, divorce, droit m\u00e9dical, travail, litiges de la consommation...","isPartOf":{"@id":"https:\/\/www.avocat-bonnet.fr\/lyon-villeurbanne\/#website"},"primaryImageOfPage":{"@id":"https:\/\/www.avocat-bonnet.fr\/lyon-villeurbanne\/plan-du-site\/#primaryimage"},"image":{"@id":"https:\/\/www.avocat-bonnet.fr\/lyon-villeurbanne\/plan-du-site\/#primaryimage"},"thumbnailUrl":"https:\/\/www.avocat-bonnet.fr\/lyon-villeurbanne\/wp-content\/uploads\/2018\/06\/Defaut-image.jpg","datePublished":"2014-03-04T15:36:18+00:00","dateModified":"2018-06-28T15:34:14+00:00","breadcrumb":{"@id":"https:\/\/www.avocat-bonnet.fr\/lyon-villeurbanne\/plan-du-site\/#breadcrumb"},"inLanguage":"fr-FR","potentialAction":[{"@type":"ReadAction","target":["https:\/\/www.avocat-bonnet.fr\/lyon-villeurbanne\/plan-du-site\/"]}]},{"@type":"ImageObject","inLanguage":"fr-FR","@id":"https:\/\/www.avocat-bonnet.fr\/lyon-villeurbanne\/plan-du-site\/#primaryimage","url":"https:\/\/www.avocat-bonnet.fr\/lyon-villeurbanne\/wp-content\/uploads\/2018\/06\/Defaut-image.jpg","contentUrl":"https:\/\/www.avocat-bonnet.fr\/lyon-villeurbanne\/wp-content\/uploads\/2018\/06\/Defaut-image.jpg","width":300,"height":200},{"@type":"BreadcrumbList","@id":"https:\/\/www.avocat-bonnet.fr\/lyon-villeurbanne\/plan-du-site\/#breadcrumb","itemListElement":[{"@type":"ListItem","position":1,"name":"Accueil","item":"https:\/\/www.avocat-bonnet.fr\/lyon-villeurbanne\/"},{"@type":"ListItem","position":2,"name":"Plan du site"}]},{"@type":"WebSite","@id":"https:\/\/www.avocat-bonnet.fr\/lyon-villeurbanne\/#website","url":"https:\/\/www.avocat-bonnet.fr\/lyon-villeurbanne\/","name":"Nicolas Bonnet - Avocat Lyon et Villeurbanne, divorce, droit m\u00e9dical, travail, litiges de la consommation...","description":"Un cabinet d&#039;avocat d\u00e9di\u00e9 au droit des particuliers, commer\u00e7ants et petites entreprises...","publisher":{"@id":"https:\/\/www.avocat-bonnet.fr\/lyon-villeurbanne\/#\/schema\/person\/53ccc962871a33e31889adc918b8794d"},"potentialAction":[{"@type":"SearchAction","target":{"@type":"EntryPoint","urlTemplate":"https:\/\/www.avocat-bonnet.fr\/lyon-villeurbanne\/?s={search_term_string}"},"query-input":"required name=search_term_string"}],"inLanguage":"fr-FR"},{"@type":["Person","Organization"],"@id":"https:\/\/www.avocat-bonnet.fr\/lyon-villeurbanne\/#\/schema\/person\/53ccc962871a33e31889adc918b8794d","name":"Nicolas Bonnet","logo":{"@id":"https:\/\/www.avocat-bonnet.fr\/lyon-villeurbanne\/#\/schema\/person\/image\/"}}]}},"_links":{"self":[{"href":"https:\/\/www.avocat-bonnet.fr\/lyon-villeurbanne\/wp-json\/wp\/v2\/pages\/1165"}],"collection":[{"href":"https:\/\/www.avocat-bonnet.fr\/lyon-villeurbanne\/wp-json\/wp\/v2\/pages"}],"about":[{"href":"https:\/\/www.avocat-bonnet.fr\/lyon-villeurbanne\/wp-json\/wp\/v2\/types\/page"}],"author":[{"embeddable":true,"href":"https:\/\/www.avocat-bonnet.fr\/lyon-villeurbanne\/wp-json\/wp\/v2\/users\/4"}],"replies":[{"embeddable":true,"href":"https:\/\/www.avocat-bonnet.fr\/lyon-villeurbanne\/wp-json\/wp\/v2\/comments?post=1165"}],"version-history":[{"count":0,"href":"https:\/\/www.avocat-bonnet.fr\/lyon-villeurbanne\/wp-json\/wp\/v2\/pages\/1165\/revisions"}],"wp:featuredmedia":[{"embeddable":true,"href":"https:\/\/www.avocat-bonnet.fr\/lyon-villeurbanne\/wp-json\/wp\/v2\/media\/1562"}],"wp:attachment":[{"href":"https:\/\/www.avocat-bonnet.fr\/lyon-villeurbanne\/wp-json\/wp\/v2\/media?parent=1165"}],"curies":[{"name":"wp","href":"https:\/\/api.w.org\/{rel}","templated":true}]}}